{"id":9,"date":"2025-12-27T18:06:41","date_gmt":"2025-12-27T18:06:41","guid":{"rendered":"https:\/\/www.siben.de\/?page_id=9"},"modified":"2025-12-28T04:29:42","modified_gmt":"2025-12-28T04:29:42","slug":"patrick-franz-siben-22-04-1964-kirchheim-bolanden","status":"publish","type":"page","link":"https:\/\/www.siben.de\/index.php\/patrick-franz-siben-22-04-1964-kirchheim-bolanden\/","title":{"rendered":"Patrick Franz Siben *22.04.1964 Kirchheim-Bolanden"},"content":{"rendered":"<p>Die Deidesheimer Zeit<\/p>\n<p>geboren am Fu\u00dfe des Donnersbergs, w\u00e4chst der kleine Patrick in Deidesheim bei seinen Eltern und Geschwistern im Weingut Georg Siben Erben auf. Neben dem Besuch im Kath. Kindergarten und der Grundschule erlebt er vieles auf dem Hof und Keller, im Garten und auf den Feldern und im Pf\u00e4lzer Wald.<br \/>\nRegelm\u00e4\u00dfig wird die Gro\u00dfmutter Dr. med. Margarete Krolow in Sippersfeld besucht, die mit ihrer musikalischen Ader den Jungen fr\u00fch f\u00fcr die Musik begeistert.<br \/>\nDer Schullehrer Oskar Frey, auch Organist in Ruppertsberg und Gr\u00fcnder der Kinder-Sing-und-Spiel-Gruppe &#8222;Deidesheimer Goldtr\u00f6pfchen&#8220; bringt die Blockfl\u00f6te, die Melodika, das Klavier sp\u00e4ter das Akkordeon und die Kirchenorgel ins Spiel und f\u00fcr Patrick schon sehr fr\u00fch viele Auftritte in der Heimat.<\/p>\n<p>Kurf\u00fcrst Ruprecht Gymnasium und Abitur (1983)<\/p>\n<p>Kirchenmusikalisches Seminar der Evang. Landeskirche der Pfalz in Speyer, Landau und Neustadt a.d.W.<\/p>\n<p>Europareise mit Akkordeon und interrail-ticket durch Frankreich, Holland, England, Schweden und zur\u00fcck.<\/p>\n<p>Die Bad Bergzaberner Zeit<\/p>\n<p>FmBtl 860 und Reserveroffizierslaufbahn in FmFSHEloT Feldafing, Fernsp\u00e4h Weingarten, Heeresflieger B\u00fcckeburg. Abgang als OLt dR.<\/p>\n<p>Die Hohenheimer Zeit (bei den Schwaben)<\/p>\n<p>Studium der Agrarwissenschaften und Agrarbiologie (Abschlu\u00df Diplom)<br \/>\nGr\u00fcndung des Studentenorchesters<br \/>\nKammerchor Stuttgart<br \/>\nKatholische und Evangelische Kirchenmuskalische T\u00e4tigkeiten auf den Fildern<br \/>\nLeitung von Musikverein Bernhausen<br \/>\nS\u00e4ngerkranz Birkach<\/p>\n<p>Die Wachenheimer Zeit (wieder bei den Pf\u00e4lzern)<\/p>\n<p>Hofgut Odinstal<\/p>\n<p>Hofgut Heidesheim<\/p>\n<p>Die Murrhardter Zeit (wieder bei den Schwaben)<\/p>\n<p>Villa Franck<\/p>\n","protected":false},"excerpt":{"rendered":"<p>Die Deidesheimer Zeit geboren am Fu\u00dfe des Donnersbergs, w\u00e4chst der kleine Patrick in Deidesheim bei seinen Eltern und Geschwistern im Weingut Georg Siben Erben auf. Neben dem Besuch im Kath. Kindergarten und der Grundschule erlebt er vieles auf dem Hof und Keller, im Garten und auf den Feldern und im Pf\u00e4lzer Wald. Regelm\u00e4\u00dfig wird die [&hellip;]<\/p>\n","protected":false},"author":1,"featured_media":0,"parent":0,"menu_order":0,"comment_status":"closed","ping_status":"closed","template":"","meta":{"footnotes":""},"class_list":["post-9","page","type-page","status-publish","hentry"],"_links":{"self":[{"href":"https:\/\/www.siben.de\/index.php\/wp-json\/wp\/v2\/pages\/9","targetHints":{"allow":["GET"]}}],"collection":[{"href":"https:\/\/www.siben.de\/index.php\/wp-json\/wp\/v2\/pages"}],"about":[{"href":"https:\/\/www.siben.de\/index.php\/wp-json\/wp\/v2\/types\/page"}],"author":[{"embeddable":true,"href":"https:\/\/www.siben.de\/index.php\/wp-json\/wp\/v2\/users\/1"}],"replies":[{"embeddable":true,"href":"https:\/\/www.siben.de\/index.php\/wp-json\/wp\/v2\/comments?post=9"}],"version-history":[{"count":3,"href":"https:\/\/www.siben.de\/index.php\/wp-json\/wp\/v2\/pages\/9\/revisions"}],"predecessor-version":[{"id":12,"href":"https:\/\/www.siben.de\/index.php\/wp-json\/wp\/v2\/pages\/9\/revisions\/12"}],"wp:attachment":[{"href":"https:\/\/www.siben.de\/index.php\/wp-json\/wp\/v2\/media?parent=9"}],"curies":[{"name":"wp","href":"https:\/\/api.w.org\/{rel}","templated":true}]}}